{"id":14,"date":"2020-08-29T02:18:07","date_gmt":"2020-08-29T02:18:07","guid":{"rendered":"https:\/\/demo.cmssuperheroes.com\/themeforest\/koira\/?page_id=14"},"modified":"2022-01-12T11:52:19","modified_gmt":"2022-01-12T14:52:19","slug":"blog","status":"publish","type":"page","link":"http:\/\/car.agricultura.sp.gov.br\/biblioteca\/","title":{"rendered":"Blog"},"content":{"rendered":"\t\t<div data-elementor-type=\"wp-post\" data-elementor-id=\"14\" class=\"elementor elementor-14\" data-elementor-settings=\"[]\">\n\t\t\t\t\t\t\t<div class=\"elementor-section-wrap\">\n\t\t\t\t\t        <section class=\"elementor-section elementor-top-section elementor-element elementor-element-8cd3075 elementor-section-boxed elementor-section-height-default elementor-section-height-default\" data-id=\"8cd3075\" data-element_type=\"section\">\n            \n                        <div class=\"elementor-container elementor-column-gap-default \">\n                    <div class=\"elementor-column elementor-col-100 elementor-top-column elementor-element elementor-element-991cd29\" data-id=\"991cd29\" data-element_type=\"column\">\n            <div class=\"elementor-widget-wrap elementor-element-populated\">\n                        \t\t<div class=\"elementor-element elementor-element-a5c18ad elementor-widget elementor-widget-cms_post_grid\" data-id=\"a5c18ad\" data-element_type=\"widget\" data-widget_type=\"cms_post_grid.default\">\n\t\t\t\t<div class=\"elementor-widget-container\">\n\t\t\t\r\n<div id=\"cms_post_grid-a5c18ad\" class=\"cms-grid cms-post-grid-layout1\" data-layout=\"masonry\" data-start-page=\"1\" data-max-pages=\"4\" data-total=\"19\" data-perpage=\"6\" data-next-link=\"http:\/\/car.agricultura.sp.gov.br\/biblioteca\/index.php?rest_route=%2Fwp%2Fv2%2Fpages%2F14&#038;paged=2\">\r\n    <div class=\"cms-grid-overlay\"><\/div>\r\n    \r\n    <div class=\"cms-grid-inner cms-grid-masonry row animation-time\" data-gutter=\"15\">\r\n                    <div class=\"grid-sizer col-xl-4 col-lg-4 col-md-6 col-sm-6 col-12\"><\/div>\r\n                                <div class=\"grid-item col-xl-4 col-lg-4 col-md-6 col-sm-6 col-12 \">\r\n                    <div class=\"grid-item-inner\">\r\n                                                    <div class=\"entry-featured\">\r\n                                <div class=\"post-image\">\r\n                                    <a href=\"http:\/\/car.agricultura.sp.gov.br\/biblioteca\/?p=20644\"><img decoding=\"async\" class=\"\" src=\"http:\/\/car.agricultura.sp.gov.br\/biblioteca\/wp-content\/uploads\/2025\/06\/GESTAODEATIVOSAMBIENTAIS-370x270.png\" width=\"370\" height=\"270\" alt=\"GESTAODEATIVOSAMBIENTAIS\" title=\"GESTAODEATIVOSAMBIENTAIS\" \/><\/a>\r\n                                <\/div>\r\n                                                            <\/div>\r\n                                                <div class=\"entry-body\">\r\n                            <ul class=\"entry-meta\">\r\n                                                                    <li class=\"post-date\">10 de junho de 2025<\/li>\r\n                                                                                            <\/ul>\r\n                            <h3 class=\"entry-title\">\r\n                                <a href=\"http:\/\/car.agricultura.sp.gov.br\/biblioteca\/?p=20644\">M\u00f3dulo Gest\u00e3o Ativos<\/a>\r\n                            <\/h3>\r\n                                                            <div class=\"entry-content\">\r\n                                    Manual M\u00f3dulo Gest\u00e3o de Ativos , com os crit\u00e9rios estabelecidos pela Lei n\u00ba 12.651\/2012.- SICAR_SP                                <\/div>\r\n                                                                                        <div class=\"entry-readmore\">\r\n                                    <a class=\"btn-more\" href=\"http:\/\/car.agricultura.sp.gov.br\/biblioteca\/?p=20644\">\r\n                                        <span>Acessar<\/span>\r\n                                        <i class=\"fas fac-arrow-right\"><\/i>\r\n                                    <\/a>\r\n                                <\/div>\r\n                                                    <\/div>\r\n                    <\/div>\r\n                <\/div>\r\n                            <div class=\"grid-item col-xl-4 col-lg-4 col-md-6 col-sm-6 col-12 \">\r\n                    <div class=\"grid-item-inner\">\r\n                                                    <div class=\"entry-featured\">\r\n                                <div class=\"post-image\">\r\n                                    <a href=\"http:\/\/car.agricultura.sp.gov.br\/biblioteca\/?p=20635\"><img decoding=\"async\" class=\"\" src=\"http:\/\/car.agricultura.sp.gov.br\/biblioteca\/wp-content\/uploads\/2025\/06\/compensacaoreservalegalvol2-370x270.png\" width=\"370\" height=\"270\" alt=\"compensacaoreservalegalvol2\" title=\"compensacaoreservalegalvol2\" \/><\/a>\r\n                                <\/div>\r\n                                                            <\/div>\r\n                                                <div class=\"entry-body\">\r\n                            <ul class=\"entry-meta\">\r\n                                                                    <li class=\"post-date\">5 de maio de 2025<\/li>\r\n                                                                                            <\/ul>\r\n                            <h3 class=\"entry-title\">\r\n                                <a href=\"http:\/\/car.agricultura.sp.gov.br\/biblioteca\/?p=20635\">AGRO LEGAL &#8211; Compensa\u00e7\u00e3o de Reserva Legal &#8211; Vol.II<\/a>\r\n                            <\/h3>\r\n                                                            <div class=\"entry-content\">\r\n                                    AGRO LEGAL &#8211; Compensa\u00e7\u00e3o de Reserva Legal. Lei Federal n. o 12.651\/2012.                                <\/div>\r\n                                                                                        <div class=\"entry-readmore\">\r\n                                    <a class=\"btn-more\" href=\"http:\/\/car.agricultura.sp.gov.br\/biblioteca\/?p=20635\">\r\n                                        <span>Acessar<\/span>\r\n                                        <i class=\"fas fac-arrow-right\"><\/i>\r\n                                    <\/a>\r\n                                <\/div>\r\n                                                    <\/div>\r\n                    <\/div>\r\n                <\/div>\r\n                            <div class=\"grid-item col-xl-4 col-lg-4 col-md-6 col-sm-6 col-12 \">\r\n                    <div class=\"grid-item-inner\">\r\n                                                    <div class=\"entry-featured\">\r\n                                <div class=\"post-image\">\r\n                                    <a href=\"http:\/\/car.agricultura.sp.gov.br\/biblioteca\/?p=20623\"><img decoding=\"async\" class=\"\" src=\"http:\/\/car.agricultura.sp.gov.br\/biblioteca\/wp-content\/uploads\/2025\/06\/manualtecagrolegalv1-370x270.png\" width=\"370\" height=\"270\" alt=\"manualtecagrolegalv1\" title=\"manualtecagrolegalv1\" \/><\/a>\r\n                                <\/div>\r\n                                                            <\/div>\r\n                                                <div class=\"entry-body\">\r\n                            <ul class=\"entry-meta\">\r\n                                                                    <li class=\"post-date\">5 de junho de 2024<\/li>\r\n                                                                                            <\/ul>\r\n                            <h3 class=\"entry-title\">\r\n                                <a href=\"http:\/\/car.agricultura.sp.gov.br\/biblioteca\/?p=20623\">AGRO LEGAL &#8211; MANUAL T\u00c9CNICO<\/a>\r\n                            <\/h3>\r\n                                                            <div class=\"entry-content\">\r\n                                    Orienta\u00e7\u00f5es,Diretrizes e Crit\u00e9rios Aplic\u00e1veis \u00e0 Recomposi\u00e7\u00e3o da Vegeta\u00e7\u00e3o Nativa                                <\/div>\r\n                                                                                        <div class=\"entry-readmore\">\r\n                                    <a class=\"btn-more\" href=\"http:\/\/car.agricultura.sp.gov.br\/biblioteca\/?p=20623\">\r\n                                        <span>Acessar<\/span>\r\n                                        <i class=\"fas fac-arrow-right\"><\/i>\r\n                                    <\/a>\r\n                                <\/div>\r\n                                                    <\/div>\r\n                    <\/div>\r\n                <\/div>\r\n                            <div class=\"grid-item col-xl-4 col-lg-4 col-md-6 col-sm-6 col-12 \">\r\n                    <div class=\"grid-item-inner\">\r\n                                                    <div class=\"entry-featured\">\r\n                                <div class=\"post-image\">\r\n                                    <a href=\"http:\/\/car.agricultura.sp.gov.br\/biblioteca\/?p=20614\"><img decoding=\"async\" class=\"\" src=\"http:\/\/car.agricultura.sp.gov.br\/biblioteca\/wp-content\/uploads\/2025\/06\/car_iaramraeprada-1-370x270.png\" width=\"370\" height=\"270\" alt=\"car_iaramraeprada\" title=\"car_iaramraeprada\" \/><\/a>\r\n                                <\/div>\r\n                                                            <\/div>\r\n                                                <div class=\"entry-body\">\r\n                            <ul class=\"entry-meta\">\r\n                                                                    <li class=\"post-date\">15 de janeiro de 2024<\/li>\r\n                                                                                            <\/ul>\r\n                            <h3 class=\"entry-title\">\r\n                                <a href=\"http:\/\/car.agricultura.sp.gov.br\/biblioteca\/?p=20614\">Preenchimento dos M\u00f3dulos &#8220;p\u00f3s-CAR)<\/a>\r\n                            <\/h3>\r\n                                                            <div class=\"entry-content\">\r\n                                    Preenchimento dos M\u00f3dulos &#8220;p\u00f3s-CAR) IARA \/ MRA \/ PRADA                                <\/div>\r\n                                                                                        <div class=\"entry-readmore\">\r\n                                    <a class=\"btn-more\" href=\"http:\/\/car.agricultura.sp.gov.br\/biblioteca\/?p=20614\">\r\n                                        <span>Acessar<\/span>\r\n                                        <i class=\"fas fac-arrow-right\"><\/i>\r\n                                    <\/a>\r\n                                <\/div>\r\n                                                    <\/div>\r\n                    <\/div>\r\n                <\/div>\r\n                            <div class=\"grid-item col-xl-4 col-lg-4 col-md-6 col-sm-6 col-12 \">\r\n                    <div class=\"grid-item-inner\">\r\n                                                    <div class=\"entry-featured\">\r\n                                <div class=\"post-image\">\r\n                                    <a href=\"http:\/\/car.agricultura.sp.gov.br\/biblioteca\/?p=20483\"><img decoding=\"async\" class=\"\" src=\"http:\/\/car.agricultura.sp.gov.br\/biblioteca\/wp-content\/uploads\/2025\/06\/MODULOSDISONIVEISCARSP-1-370x270.png\" width=\"370\" height=\"270\" alt=\"MODULOSDISONIVEISCARSP\" title=\"MODULOSDISONIVEISCARSP\" \/><\/a>\r\n                                <\/div>\r\n                                                            <\/div>\r\n                                                <div class=\"entry-body\">\r\n                            <ul class=\"entry-meta\">\r\n                                                                    <li class=\"post-date\">31 de maio de 2023<\/li>\r\n                                                                                            <\/ul>\r\n                            <h3 class=\"entry-title\">\r\n                                <a href=\"http:\/\/car.agricultura.sp.gov.br\/biblioteca\/?p=20483\">M\u00f3dulos dispon\u00edveis no CAR<\/a>\r\n                            <\/h3>\r\n                                                            <div class=\"entry-content\">\r\n                                    Confira a lista de m\u00f3dulos disponiveis para acesso p\u00fablico e privado                                <\/div>\r\n                                                                                        <div class=\"entry-readmore\">\r\n                                    <a class=\"btn-more\" href=\"http:\/\/car.agricultura.sp.gov.br\/biblioteca\/?p=20483\">\r\n                                        <span>Acessar<\/span>\r\n                                        <i class=\"fas fac-arrow-right\"><\/i>\r\n                                    <\/a>\r\n                                <\/div>\r\n                                                    <\/div>\r\n                    <\/div>\r\n                <\/div>\r\n                            <div class=\"grid-item col-xl-4 col-lg-4 col-md-6 col-sm-6 col-12 \">\r\n                    <div class=\"grid-item-inner\">\r\n                                                    <div class=\"entry-featured\">\r\n                                <div class=\"post-image\">\r\n                                    <a href=\"http:\/\/car.agricultura.sp.gov.br\/biblioteca\/?p=20570\"><img decoding=\"async\" class=\"\" src=\"http:\/\/car.agricultura.sp.gov.br\/biblioteca\/wp-content\/uploads\/2025\/06\/regularizaca_PRA_analista-370x270.png\" width=\"370\" height=\"270\" alt=\"regularizaca_PRA_analista\" title=\"regularizaca_PRA_analista\" \/><\/a>\r\n                                <\/div>\r\n                                                            <\/div>\r\n                                                <div class=\"entry-body\">\r\n                            <ul class=\"entry-meta\">\r\n                                                                    <li class=\"post-date\">18 de novembro de 2022<\/li>\r\n                                                                                            <\/ul>\r\n                            <h3 class=\"entry-title\">\r\n                                <a href=\"http:\/\/car.agricultura.sp.gov.br\/biblioteca\/?p=20570\">REALIZAR A REGULARIZA\u00c7\u00c3O AMBIENTAL COM ADES\u00c3O PRA &#8211; ANALISTA<\/a>\r\n                            <\/h3>\r\n                                                            <div class=\"entry-content\">\r\n                                    Passo a passo para realizar a regulariza\u00e7\u00e3o ambiental com ades\u00e3o ao PRA e acesso aos benef\u00edcios.                                <\/div>\r\n                                                                                        <div class=\"entry-readmore\">\r\n                                    <a class=\"btn-more\" href=\"http:\/\/car.agricultura.sp.gov.br\/biblioteca\/?p=20570\">\r\n                                        <span>Acessar<\/span>\r\n                                        <i class=\"fas fac-arrow-right\"><\/i>\r\n                                    <\/a>\r\n                                <\/div>\r\n                                                    <\/div>\r\n                    <\/div>\r\n                <\/div>\r\n                <\/div>\r\n            <div class=\"cms-grid-pagination\" data-loadmore=\"{&quot;startPage&quot;:1,&quot;maxPages&quot;:4,&quot;total&quot;:19,&quot;perpage&quot;:&quot;6&quot;,&quot;nextLink&quot;:&quot;http:\\\/\\\/car.agricultura.sp.gov.br\\\/biblioteca\\\/index.php?rest_route=%2Fwp%2Fv2%2Fpages%2F14&#038;paged=2&quot;,&quot;source&quot;:&quot;&quot;,&quot;orderby&quot;:&quot;date&quot;,&quot;order&quot;:&quot;desc&quot;,&quot;limit&quot;:&quot;6&quot;,&quot;post_ids&quot;:&quot;&quot;,&quot;col_xl&quot;:4,&quot;col_lg&quot;:4,&quot;col_md&quot;:6,&quot;col_sm&quot;:6,&quot;col_xs&quot;:12,&quot;thumbnail_size&quot;:&quot;custom&quot;,&quot;thumbnail_custom_dimension&quot;:{&quot;width&quot;:&quot;370&quot;,&quot;height&quot;:&quot;270&quot;},&quot;title_tag&quot;:&quot;h3&quot;,&quot;pagination_type&quot;:&quot;pagination&quot;,&quot;show_thumbnail&quot;:&quot;true&quot;,&quot;show_meta&quot;:&quot;true&quot;,&quot;show_author&quot;:&quot;pagination&quot;,&quot;show_post_date&quot;:&quot;true&quot;,&quot;show_categories&quot;:&quot;pagination&quot;,&quot;show_excerpt&quot;:&quot;true&quot;,&quot;num_words&quot;:30,&quot;show_button&quot;:&quot;true&quot;,&quot;hover_animation&quot;:&quot;pagination&quot;,&quot;button_text&quot;:&quot;Acessar&quot;,&quot;template_type&quot;:&quot;post_grid_layout1&quot;,&quot;tax&quot;:[]}\" data-query=\"{&quot;post_type&quot;:&quot;post&quot;,&quot;posts_per_page&quot;:6,&quot;order&quot;:&quot;desc&quot;,&quot;orderby&quot;:&quot;date&quot;,&quot;tax_query&quot;:{&quot;relation&quot;:&quot;OR&quot;},&quot;post__not_in&quot;:[14]}\">\r\n                <nav class=\"navigation posts-pagination ajax\">\r\n        <div class=\"posts-page-links\">\r\n            <span aria-current=\"page\" class=\"page-numbers current\">1<\/span>\n<a class=\"page-numbers\" href=\"#2\">2<\/a>\n<span class=\"page-numbers dots\">&hellip;<\/span>\n<a class=\"page-numbers\" href=\"#4\">4<\/a>\n<a class=\"next page-numbers\" href=\"#2\"><i class=\"fac fac-arrow-right\"><\/i><\/a>        <\/div>\r\n    <\/nav>\r\n            <\/div>\r\n        <\/div>\t\t<\/div>\n\t\t\t\t<\/div>\n\t\t            <\/div>\n        <\/div>\n                            <\/div>\n        <\/section>\n        \t\t\t\t<\/div>\n\t\t\t\t\t<\/div>\n\t\t","protected":false},"excerpt":{"rendered":"<p>12 de janeiro de 2022 Retifica\u00e7\u00e3o Dinamizada 12 de janeiro de 2022 Retifica\u00e7\u00e3o Dinamizada Entenda melhor como funciona e como realizar a retifica\u00e7\u00e3o dinamizada do CAR nessa cartilha ilustrada CLIQUE AQUI PARA BAIXAR A CARTILHA Acessar 12&hellip; Acessar 12 de janeiro de 2022 Retifica\u00e7\u00e3o do CAR 12 de janeiro de 2022 Retifica\u00e7\u00e3o Dinamizada Entenda melhor [&hellip;]<\/p>\n","protected":false},"author":1,"featured_media":0,"parent":0,"menu_order":0,"comment_status":"closed","ping_status":"closed","template":"","meta":{"footnotes":""},"class_list":["post-14","page","type-page","status-publish","hentry"],"_links":{"self":[{"href":"http:\/\/car.agricultura.sp.gov.br\/biblioteca\/index.php?rest_route=\/wp\/v2\/pages\/14","targetHints":{"allow":["GET"]}}],"collection":[{"href":"http:\/\/car.agricultura.sp.gov.br\/biblioteca\/index.php?rest_route=\/wp\/v2\/pages"}],"about":[{"href":"http:\/\/car.agricultura.sp.gov.br\/biblioteca\/index.php?rest_route=\/wp\/v2\/types\/page"}],"author":[{"embeddable":true,"href":"http:\/\/car.agricultura.sp.gov.br\/biblioteca\/index.php?rest_route=\/wp\/v2\/users\/1"}],"replies":[{"embeddable":true,"href":"http:\/\/car.agricultura.sp.gov.br\/biblioteca\/index.php?rest_route=%2Fwp%2Fv2%2Fcomments&post=14"}],"version-history":[{"count":13,"href":"http:\/\/car.agricultura.sp.gov.br\/biblioteca\/index.php?rest_route=\/wp\/v2\/pages\/14\/revisions"}],"predecessor-version":[{"id":20505,"href":"http:\/\/car.agricultura.sp.gov.br\/biblioteca\/index.php?rest_route=\/wp\/v2\/pages\/14\/revisions\/20505"}],"wp:attachment":[{"href":"http:\/\/car.agricultura.sp.gov.br\/biblioteca\/index.php?rest_route=%2Fwp%2Fv2%2Fmedia&parent=14"}],"curies":[{"name":"wp","href":"https:\/\/api.w.org\/{rel}","templated":true}]}}